{"id":91,"date":"2018-09-10T08:40:50","date_gmt":"2018-09-10T06:40:50","guid":{"rendered":"https:\/\/przychodnia.flt.krasnik.pl\/?page_id=91"},"modified":"2025-03-13T21:53:27","modified_gmt":"2025-03-13T19:53:27","slug":"laryngologia","status":"publish","type":"page","link":"https:\/\/przychodnia-flt.pl\/?page_id=91","title":{"rendered":"Laryngologia"},"content":{"rendered":"<h1 class=\"page-title\">Laryngologia<\/h1>\n<div class=\"region region-content\">\n<div id=\"block-system-main\" class=\"block block-system\">\n<div class=\"content\">\n<div class=\"content\">\n<div class=\"field field-name-body field-type-text-with-summary field-label-hidden\">\n<div class=\"field-items\">\n<div class=\"field-item even\">\n<h1>Specjalistyczna Poradnia Otolaryngologiczna<\/h1>\n<div>\n<p><strong>Umowa z Narodowym Funduszem Zdrowia<\/strong><\/p>\n<div class=\"views-field views-field-field-telefon-poradni\"><\/div>\n<div class=\"views-field views-field-field-telefon-poradni\"><\/div>\n<\/div>\n<table style=\"height: 366px;\" border=\"1\" width=\"863\" cellspacing=\"1\" cellpadding=\"1\">\n<thead>\n<tr>\n<th scope=\"col\">Przyjmuje<\/th>\n<th scope=\"col\">Specjalizacja<\/th>\n<th scope=\"col\">Poniedzia\u0142ek<\/th>\n<th scope=\"col\">Wtorek<\/th>\n<th scope=\"col\">\u015aroda<\/th>\n<th scope=\"col\">Czwartek<\/th>\n<th scope=\"col\">Pi\u0105tek<\/th>\n<\/tr>\n<\/thead>\n<tbody>\n<tr>\n<td><strong>Paj\u0105k Ma\u0142gorzata<\/strong><\/p>\n<p>&nbsp;<\/td>\n<td>Specjalista<\/p>\n<p>otolaryngolog<\/td>\n<td class=\"rtecenter\">\u00a014:00-17:00<\/td>\n<td class=\"rtecenter\"><\/td>\n<td class=\"rtecenter\"><\/td>\n<td class=\"rtecenter\"><\/td>\n<td class=\"rtecenter\"><\/td>\n<\/tr>\n<tr>\n<td><strong>Stru\u017cyk Pawe\u0142<\/strong><\/td>\n<td>Laryngolog<\/td>\n<td class=\"rtecenter\"><\/td>\n<td class=\"rtecenter\"><\/td>\n<td class=\"rtecenter\"><\/td>\n<td class=\"rtecenter\"><\/td>\n<td class=\"rtecenter\">15:00-19:00<\/td>\n<\/tr>\n<tr>\n<td><strong>Blachli\u0144ska Monika<\/strong><\/td>\n<td>Laryngolog<\/td>\n<td class=\"rtecenter\"><\/td>\n<td class=\"rtecenter\"><\/td>\n<td class=\"rtecenter\">15:00-18:30<\/td>\n<td class=\"rtecenter\"><\/td>\n<td class=\"rtecenter\"><\/td>\n<\/tr>\n<\/tbody>\n<\/table>\n<\/div>\n<\/div>\n<\/div>\n<\/div>\n<\/div>\n<\/div>\n<\/div>\n","protected":false},"excerpt":{"rendered":"<p>Laryngologia Specjalistyczna Poradnia Otolaryngologiczna Umowa z Narodowym Funduszem Zdrowia Przyjmuje Specjalizacja Poniedzia\u0142ek Wtorek \u015aroda Czwartek Pi\u0105tek Paj\u0105k Ma\u0142gorzata &nbsp; Specjalista otolaryngolog \u00a014:00-17:00 Stru\u017cyk Pawe\u0142 Laryngolog 15:00-19:00 Blachli\u0144ska Monika Laryngolog 15:00-18:30<\/p>\n","protected":false},"author":5,"featured_media":0,"parent":0,"menu_order":0,"comment_status":"closed","ping_status":"closed","template":"","meta":{"footnotes":""},"class_list":["post-91","page","type-page","status-publish","hentry"],"_links":{"self":[{"href":"https:\/\/przychodnia-flt.pl\/index.php?rest_route=\/wp\/v2\/pages\/91","targetHints":{"allow":["GET"]}}],"collection":[{"href":"https:\/\/przychodnia-flt.pl\/index.php?rest_route=\/wp\/v2\/pages"}],"about":[{"href":"https:\/\/przychodnia-flt.pl\/index.php?rest_route=\/wp\/v2\/types\/page"}],"author":[{"embeddable":true,"href":"https:\/\/przychodnia-flt.pl\/index.php?rest_route=\/wp\/v2\/users\/5"}],"replies":[{"embeddable":true,"href":"https:\/\/przychodnia-flt.pl\/index.php?rest_route=%2Fwp%2Fv2%2Fcomments&post=91"}],"version-history":[{"count":16,"href":"https:\/\/przychodnia-flt.pl\/index.php?rest_route=\/wp\/v2\/pages\/91\/revisions"}],"predecessor-version":[{"id":458,"href":"https:\/\/przychodnia-flt.pl\/index.php?rest_route=\/wp\/v2\/pages\/91\/revisions\/458"}],"wp:attachment":[{"href":"https:\/\/przychodnia-flt.pl\/index.php?rest_route=%2Fwp%2Fv2%2Fmedia&parent=91"}],"curies":[{"name":"wp","href":"https:\/\/api.w.org\/{rel}","templated":true}]}}